{"id":635,"date":"2023-11-27T10:46:53","date_gmt":"2023-11-27T09:46:53","guid":{"rendered":"https:\/\/lesmanufacturiers.fr\/?page_id=635"},"modified":"2023-12-11T13:14:10","modified_gmt":"2023-12-11T12:14:10","slug":"mentions-legales","status":"publish","type":"page","link":"https:\/\/lesmanufacturiers.fr\/index.php\/mentions-legales\/","title":{"rendered":"Mentions l\u00e9gales"},"content":{"rendered":"\t\t<div data-elementor-type=\"wp-page\" data-elementor-id=\"635\" class=\"elementor elementor-635\">\n\t\t\t\t\t\t\t<div class=\"elementor-element elementor-element-6d17f49 e-flex e-con-boxed e-con e-parent\" data-id=\"6d17f49\" data-element_type=\"container\" data-settings=\"{&quot;content_width&quot;:&quot;boxed&quot;}\" data-core-v316-plus=\"true\">\n\t\t\t\t\t<div class=\"e-con-inner\">\n\t\t\t\t<div class=\"elementor-element elementor-element-f9b4568 elementor-widget elementor-widget-text-editor\" data-id=\"f9b4568\" data-element_type=\"widget\" data-widget_type=\"text-editor.default\">\n\t\t\t\t<div class=\"elementor-widget-container\">\n\t\t\t<style>\/*! elementor - v3.16.0 - 20-09-2023 *\/\n.elementor-widget-text-editor.elementor-drop-cap-view-stacked .elementor-drop-cap{background-color:#69727d;color:#fff}.elementor-widget-text-editor.elementor-drop-cap-view-framed .elementor-drop-cap{color:#69727d;border:3px solid;background-color:transparent}.elementor-widget-text-editor:not(.elementor-drop-cap-view-default) .elementor-drop-cap{margin-top:8px}.elementor-widget-text-editor:not(.elementor-drop-cap-view-default) .elementor-drop-cap-letter{width:1em;height:1em}.elementor-widget-text-editor .elementor-drop-cap{float:left;text-align:center;line-height:1;font-size:50px}.elementor-widget-text-editor .elementor-drop-cap-letter{display:inline-block}<\/style>\t\t\t\t<p>\u00a0<strong style=\"font-size: inherit; text-align: inherit; color: #000000; font-family: var(--fontFamily); font-style: var(--fontStyle, inherit); letter-spacing: var(--letterSpacing); text-transform: var(--textTransform); text-decoration: var(--textDecoration);\"><span style=\"font-size: inherit; text-align: inherit; color: var(--color); font-family: var(--fontFamily); font-style: var(--fontStyle, inherit); letter-spacing: var(--letterSpacing); text-transform: var(--textTransform); text-decoration: var(--textDecoration);\">\u00c9diteur du site :<\/span><\/strong><\/p><p><span style=\"font-size: inherit; text-align: inherit; font-family: var(--fontFamily); font-style: var(--fontStyle, inherit); letter-spacing: var(--letterSpacing); text-transform: var(--textTransform); text-decoration: var(--textDecoration);\">\u00a0<\/span>LES MANUFACTURIERS, marque rattach\u00e9e \u00e0 :\u00a0<\/p><p><span style=\"font-size: inherit; text-align: inherit; font-family: var(--fontFamily); font-style: var(--fontStyle, inherit); letter-spacing: var(--letterSpacing); text-transform: var(--textTransform); text-decoration: var(--textDecoration);\">N\u00c9A &#8211; SAS au capital de 3 000 \u20ac<\/span><\/p><p><span style=\"font-weight: 400;\">Si\u00e8ge social : 269 place Pierre Mend\u00e8s &#8211; 34130 Mauguio FRANCE<\/span><\/p><p><span style=\"font-weight: 400;\">T\u00e9l\u00e9phone : 04 11 75 86 47<\/span><\/p><p><span style=\"font-weight: 400;\">Dirigeant : Adrien RONZETTI \u00a0<\/span><\/p><p><b style=\"color: var(--heading-color, var(--heading-3-color, var(--headings-color))); font-family: var(--fontFamily); font-size: var(--fontSize); font-style: var(--fontStyle, inherit); letter-spacing: var(--letterSpacing); text-align: inherit; text-transform: var(--textTransform); text-decoration: var(--textDecoration);\">Contacter la soci\u00e9t\u00e9<\/b><\/p><p><span style=\"font-weight: 400;\">Par t\u00e9l\u00e9phone :04 11 75 86 47<\/span><span style=\"font-weight: 400;\"><br \/><\/span><span style=\"font-weight: 400;\">Par e-mail :<\/span><span style=\"font-weight: 400;\"> contact@<\/span><span style=\"font-weight: 400;\">lesmanufacturiers.fr\u00a0<\/span><\/p><p><b style=\"color: var(--heading-color, var(--heading-3-color, var(--headings-color))); font-family: var(--fontFamily); font-size: var(--fontSize); font-style: var(--fontStyle, inherit); letter-spacing: var(--letterSpacing); text-align: inherit; text-transform: var(--textTransform); text-decoration: var(--textDecoration);\">H\u00e9bergeur<\/b><\/p><p><span style=\"font-weight: 400;\">Le site<\/span><b> www.lesmanufacturiers.fr <\/b><span style=\"font-weight: 400;\">est h\u00e9berg\u00e9 chez OVH.<\/span><\/p><p><span style=\"font-weight: 400;\">SAS au capital de 10 059 500 \u20ac RCS Lille M\u00e9tropole 424 761 419 00045 Code APE 6202A<\/span><\/p><p><span style=\"font-weight: 400;\">N\u00b0 TVA : FR 22 424 761 419 Si\u00e8ge social : 2 rue Kellermann &#8211; 59100 Roubaix &#8211; France.<\/span><\/p><p><span style=\"font-weight: 400;\">T\u00e9l\u00e9phone : 08.203.203.63<\/span><b><br \/><\/b><span style=\"font-weight: 400;\"><br \/><\/span><span style=\"font-weight: 400;\">La structure g\u00e9n\u00e9rale, ainsi que les textes, images anim\u00e9es ou fixes, sons, savoir-faire, dessins, graphismes et tout autre \u00e9l\u00e9ment composant le site web sont la propri\u00e9t\u00e9 exclusive de NEA.<\/span><span style=\"font-weight: 400;\"><br \/><\/span><span style=\"font-weight: 400;\">Toute repr\u00e9sentation totale ou partielle de ce site par quelque proc\u00e9d\u00e9 que ce soit, sans l&#8217;autorisation expresse de N\u00c9A, est interdite et constitue une contrefa\u00e7on sanctionn\u00e9e par les articles L.335-2. <\/span><span style=\"font-weight: 400;\"><br \/><\/span><span style=\"font-weight: 400;\"><br \/><\/span><span style=\"font-weight: 400;\">NEA invite les utilisateurs du site web \u00e0 faire part d&#8217;\u00e9ventuelles omissions, erreurs, ou corrections, en adressant un e-mail au webmaster du site web \u00e0 l&#8217;adresse suivante : <\/span><span style=\"font-weight: 400;\">contact@lesmanufacturiers.fr<\/span><span style=\"font-weight: 400;\"> .\u00a0<\/span><\/p><p><b>Mentions l\u00e9gales :<\/b><\/p><p><span style=\"font-weight: 400;\">LES MANUFACTURIERS, en sa qualit\u00e9 de responsable de traitement, r\u00e9alise des traitements de donn\u00e9es \u00e0 caract\u00e8re personnel pour la gestion de ses relations avec ses clients. Ce traitement est fond\u00e9 sur la base de votre consentement pr\u00e9alable. Les donn\u00e9es collect\u00e9es sont destin\u00e9es aux services concern\u00e9s de N\u00c9A et LES MANUFACTURIERS. Les donn\u00e9es sont conserv\u00e9es pendant une dur\u00e9e ne pouvant exc\u00e9der 3 ans \u00e0 compter du dernier contact de votre part.<\/span><\/p><p><b>M\u00e9diation<\/b><\/p><p><span style=\"font-weight: 400;\">Conform\u00e9ment \u00e0 l\u2019article L 616-1 du code de la consommation, le consommateur est inform\u00e9 par le professionnel qu\u2019il a la possibilit\u00e9, en cas de contestation, de recourir \u00e0 la proc\u00e9dure de m\u00e9diation de la consommation en saisissant le m\u00e9diateur LES MANUFACTURIERS par voie postale \u00e0 l\u2019adresse suivante : <\/span><span style=\"font-weight: 400;\">269 place Pierre Mend\u00e8s &#8211; 34130 Mauguio<\/span><span style=\"font-weight: 400;\"> ou depuis son site internet <\/span><a href=\"https:\/\/lesmanufacturiers.fr\/\"><span style=\"font-weight: 400;\">https:\/\/lesmanufacturiers.fr\/<\/span><\/a><span style=\"font-weight: 400;\"> ou par mail \u00e0 l\u2019adresse suivante : <\/span><span style=\"font-weight: 400;\">contact@lesmanufacturiers.fr<\/span><span style=\"font-weight: 400;\"> .<\/span><\/p>\t\t\t\t\t\t<\/div>\n\t\t\t\t<\/div>\n\t\t\t\t\t<\/div>\n\t\t\t\t<\/div>\n\t\t\t\t\t\t\t<\/div>\n\t\t","protected":false},"excerpt":{"rendered":"<p>\u00a0\u00c9diteur du site : \u00a0LES MANUFACTURIERS, marque rattach\u00e9e \u00e0 :\u00a0 N\u00c9A &#8211; SAS au capital de 3 000 \u20ac Si\u00e8ge social : 269 place Pierre Mend\u00e8s &#8211; 34130 Mauguio FRANCE T\u00e9l\u00e9phone : 04 11 75 86 47 Dirigeant : Adrien RONZETTI \u00a0 Contacter la soci\u00e9t\u00e9 Par t\u00e9l\u00e9phone :04 11 75 86 47Par e-mail : contact@lesmanufacturiers.fr\u00a0 [&hellip;]<\/p>\n","protected":false},"author":1,"featured_media":0,"parent":0,"menu_order":0,"comment_status":"closed","ping_status":"closed","template":"","meta":{"footnotes":""},"class_list":["post-635","page","type-page","status-publish","hentry"],"blocksy_meta":"","yoast_head":"<!-- This site is optimized with the Yoast SEO plugin v21.3 - https:\/\/yoast.com\/wordpress\/plugins\/seo\/ -->\n<title>Mentions l\u00e9gales - Les manufacturiers<\/title>\n<meta name=\"robots\" content=\"index, follow, max-snippet:-1, max-image-preview:large, max-video-preview:-1\" \/>\n<link rel=\"canonical\" href=\"https:\/\/lesmanufacturiers.fr\/index.php\/mentions-legales\/\" \/>\n<meta property=\"og:locale\" content=\"en_US\" \/>\n<meta property=\"og:type\" content=\"article\" \/>\n<meta property=\"og:title\" content=\"Mentions l\u00e9gales - Les manufacturiers\" \/>\n<meta property=\"og:description\" content=\"\u00a0\u00c9diteur du site : \u00a0LES MANUFACTURIERS, marque rattach\u00e9e \u00e0 :\u00a0 N\u00c9A &#8211; SAS au capital de 3 000 \u20ac Si\u00e8ge social : 269 place Pierre Mend\u00e8s &#8211; 34130 Mauguio FRANCE T\u00e9l\u00e9phone : 04 11 75 86 47 Dirigeant : Adrien RONZETTI \u00a0 Contacter la soci\u00e9t\u00e9 Par t\u00e9l\u00e9phone :04 11 75 86 47Par e-mail : contact@lesmanufacturiers.fr\u00a0 [&hellip;]\" \/>\n<meta property=\"og:url\" content=\"https:\/\/lesmanufacturiers.fr\/index.php\/mentions-legales\/\" \/>\n<meta property=\"og:site_name\" content=\"Les manufacturiers\" \/>\n<meta property=\"article:publisher\" content=\"https:\/\/www.facebook.com\/profile.php?id=61551785083090\" \/>\n<meta property=\"article:modified_time\" content=\"2023-12-11T12:14:10+00:00\" \/>\n<meta name=\"twitter:card\" content=\"summary_large_image\" \/>\n<meta name=\"twitter:label1\" content=\"Est. reading time\" \/>\n\t<meta name=\"twitter:data1\" content=\"2 minutes\" \/>\n<script type=\"application\/ld+json\" class=\"yoast-schema-graph\">{\"@context\":\"https:\/\/schema.org\",\"@graph\":[{\"@type\":\"WebPage\",\"@id\":\"https:\/\/lesmanufacturiers.fr\/index.php\/mentions-legales\/\",\"url\":\"https:\/\/lesmanufacturiers.fr\/index.php\/mentions-legales\/\",\"name\":\"Mentions l\u00e9gales - Les manufacturiers\",\"isPartOf\":{\"@id\":\"https:\/\/lesmanufacturiers.fr\/#website\"},\"datePublished\":\"2023-11-27T09:46:53+00:00\",\"dateModified\":\"2023-12-11T12:14:10+00:00\",\"breadcrumb\":{\"@id\":\"https:\/\/lesmanufacturiers.fr\/index.php\/mentions-legales\/#breadcrumb\"},\"inLanguage\":\"en-US\",\"potentialAction\":[{\"@type\":\"ReadAction\",\"target\":[\"https:\/\/lesmanufacturiers.fr\/index.php\/mentions-legales\/\"]}]},{\"@type\":\"BreadcrumbList\",\"@id\":\"https:\/\/lesmanufacturiers.fr\/index.php\/mentions-legales\/#breadcrumb\",\"itemListElement\":[{\"@type\":\"ListItem\",\"position\":1,\"name\":\"Accueil\",\"item\":\"https:\/\/lesmanufacturiers.fr\/\"},{\"@type\":\"ListItem\",\"position\":2,\"name\":\"Mentions l\u00e9gales\"}]},{\"@type\":\"WebSite\",\"@id\":\"https:\/\/lesmanufacturiers.fr\/#website\",\"url\":\"https:\/\/lesmanufacturiers.fr\/\",\"name\":\"Les manufacturiers\",\"description\":\"Villeneuve-les-B\u00e9ziers\",\"publisher\":{\"@id\":\"https:\/\/lesmanufacturiers.fr\/#organization\"},\"potentialAction\":[{\"@type\":\"SearchAction\",\"target\":{\"@type\":\"EntryPoint\",\"urlTemplate\":\"https:\/\/lesmanufacturiers.fr\/?s={search_term_string}\"},\"query-input\":\"required name=search_term_string\"}],\"inLanguage\":\"en-US\"},{\"@type\":\"Organization\",\"@id\":\"https:\/\/lesmanufacturiers.fr\/#organization\",\"name\":\"Les Manufacturiers\",\"alternateName\":\"LM\",\"url\":\"https:\/\/lesmanufacturiers.fr\/\",\"logo\":{\"@type\":\"ImageObject\",\"inLanguage\":\"en-US\",\"@id\":\"https:\/\/lesmanufacturiers.fr\/#\/schema\/logo\/image\/\",\"url\":\"https:\/\/lesmanufacturiers.fr\/wp-content\/uploads\/2023\/09\/les-manufacturiers_logo-final_blanccouleurs_fond-noir_rvb-Copie-scaled.jpg\",\"contentUrl\":\"https:\/\/lesmanufacturiers.fr\/wp-content\/uploads\/2023\/09\/les-manufacturiers_logo-final_blanccouleurs_fond-noir_rvb-Copie-scaled.jpg\",\"width\":2560,\"height\":1813,\"caption\":\"Les Manufacturiers\"},\"image\":{\"@id\":\"https:\/\/lesmanufacturiers.fr\/#\/schema\/logo\/image\/\"},\"sameAs\":[\"https:\/\/www.facebook.com\/profile.php?id=61551785083090\",\"https:\/\/www.instagram.com\/lesmanufacturiers_\/\"]}]}<\/script>\n<!-- \/ Yoast SEO plugin. -->","yoast_head_json":{"title":"Mentions l\u00e9gales - Les manufacturiers","robots":{"index":"index","follow":"follow","max-snippet":"max-snippet:-1","max-image-preview":"max-image-preview:large","max-video-preview":"max-video-preview:-1"},"canonical":"https:\/\/lesmanufacturiers.fr\/index.php\/mentions-legales\/","og_locale":"en_US","og_type":"article","og_title":"Mentions l\u00e9gales - Les manufacturiers","og_description":"\u00a0\u00c9diteur du site : \u00a0LES MANUFACTURIERS, marque rattach\u00e9e \u00e0 :\u00a0 N\u00c9A &#8211; SAS au capital de 3 000 \u20ac Si\u00e8ge social : 269 place Pierre Mend\u00e8s &#8211; 34130 Mauguio FRANCE T\u00e9l\u00e9phone : 04 11 75 86 47 Dirigeant : Adrien RONZETTI \u00a0 Contacter la soci\u00e9t\u00e9 Par t\u00e9l\u00e9phone :04 11 75 86 47Par e-mail : contact@lesmanufacturiers.fr\u00a0 [&hellip;]","og_url":"https:\/\/lesmanufacturiers.fr\/index.php\/mentions-legales\/","og_site_name":"Les manufacturiers","article_publisher":"https:\/\/www.facebook.com\/profile.php?id=61551785083090","article_modified_time":"2023-12-11T12:14:10+00:00","twitter_card":"summary_large_image","twitter_misc":{"Est. reading time":"2 minutes"},"schema":{"@context":"https:\/\/schema.org","@graph":[{"@type":"WebPage","@id":"https:\/\/lesmanufacturiers.fr\/index.php\/mentions-legales\/","url":"https:\/\/lesmanufacturiers.fr\/index.php\/mentions-legales\/","name":"Mentions l\u00e9gales - Les manufacturiers","isPartOf":{"@id":"https:\/\/lesmanufacturiers.fr\/#website"},"datePublished":"2023-11-27T09:46:53+00:00","dateModified":"2023-12-11T12:14:10+00:00","breadcrumb":{"@id":"https:\/\/lesmanufacturiers.fr\/index.php\/mentions-legales\/#breadcrumb"},"inLanguage":"en-US","potentialAction":[{"@type":"ReadAction","target":["https:\/\/lesmanufacturiers.fr\/index.php\/mentions-legales\/"]}]},{"@type":"BreadcrumbList","@id":"https:\/\/lesmanufacturiers.fr\/index.php\/mentions-legales\/#breadcrumb","itemListElement":[{"@type":"ListItem","position":1,"name":"Accueil","item":"https:\/\/lesmanufacturiers.fr\/"},{"@type":"ListItem","position":2,"name":"Mentions l\u00e9gales"}]},{"@type":"WebSite","@id":"https:\/\/lesmanufacturiers.fr\/#website","url":"https:\/\/lesmanufacturiers.fr\/","name":"Les manufacturiers","description":"Villeneuve-les-B\u00e9ziers","publisher":{"@id":"https:\/\/lesmanufacturiers.fr\/#organization"},"potentialAction":[{"@type":"SearchAction","target":{"@type":"EntryPoint","urlTemplate":"https:\/\/lesmanufacturiers.fr\/?s={search_term_string}"},"query-input":"required name=search_term_string"}],"inLanguage":"en-US"},{"@type":"Organization","@id":"https:\/\/lesmanufacturiers.fr\/#organization","name":"Les Manufacturiers","alternateName":"LM","url":"https:\/\/lesmanufacturiers.fr\/","logo":{"@type":"ImageObject","inLanguage":"en-US","@id":"https:\/\/lesmanufacturiers.fr\/#\/schema\/logo\/image\/","url":"https:\/\/lesmanufacturiers.fr\/wp-content\/uploads\/2023\/09\/les-manufacturiers_logo-final_blanccouleurs_fond-noir_rvb-Copie-scaled.jpg","contentUrl":"https:\/\/lesmanufacturiers.fr\/wp-content\/uploads\/2023\/09\/les-manufacturiers_logo-final_blanccouleurs_fond-noir_rvb-Copie-scaled.jpg","width":2560,"height":1813,"caption":"Les Manufacturiers"},"image":{"@id":"https:\/\/lesmanufacturiers.fr\/#\/schema\/logo\/image\/"},"sameAs":["https:\/\/www.facebook.com\/profile.php?id=61551785083090","https:\/\/www.instagram.com\/lesmanufacturiers_\/"]}]}},"_links":{"self":[{"href":"https:\/\/lesmanufacturiers.fr\/index.php\/wp-json\/wp\/v2\/pages\/635","targetHints":{"allow":["GET"]}}],"collection":[{"href":"https:\/\/lesmanufacturiers.fr\/index.php\/wp-json\/wp\/v2\/pages"}],"about":[{"href":"https:\/\/lesmanufacturiers.fr\/index.php\/wp-json\/wp\/v2\/types\/page"}],"author":[{"embeddable":true,"href":"https:\/\/lesmanufacturiers.fr\/index.php\/wp-json\/wp\/v2\/users\/1"}],"replies":[{"embeddable":true,"href":"https:\/\/lesmanufacturiers.fr\/index.php\/wp-json\/wp\/v2\/comments?post=635"}],"version-history":[{"count":13,"href":"https:\/\/lesmanufacturiers.fr\/index.php\/wp-json\/wp\/v2\/pages\/635\/revisions"}],"predecessor-version":[{"id":745,"href":"https:\/\/lesmanufacturiers.fr\/index.php\/wp-json\/wp\/v2\/pages\/635\/revisions\/745"}],"wp:attachment":[{"href":"https:\/\/lesmanufacturiers.fr\/index.php\/wp-json\/wp\/v2\/media?parent=635"}],"curies":[{"name":"wp","href":"https:\/\/api.w.org\/{rel}","templated":true}]}}