{"id":758,"date":"2024-01-19T14:52:24","date_gmt":"2024-01-19T13:52:24","guid":{"rendered":"https:\/\/lesmanufacturiers.fr\/?page_id=758"},"modified":"2024-05-13T14:05:01","modified_gmt":"2024-05-13T12:05:01","slug":"acces-presse","status":"publish","type":"page","link":"https:\/\/lesmanufacturiers.fr\/index.php\/acces-presse\/","title":{"rendered":"Acc\u00e8s presse"},"content":{"rendered":"\t\t<div data-elementor-type=\"wp-page\" data-elementor-id=\"758\" class=\"elementor elementor-758\">\n\t\t\t\t\t\t\t<div class=\"elementor-element elementor-element-b077ff0 e-con-full e-flex e-con e-parent\" data-id=\"b077ff0\" data-element_type=\"container\" data-settings=\"{&quot;content_width&quot;:&quot;full&quot;,&quot;background_background&quot;:&quot;classic&quot;}\" data-core-v316-plus=\"true\">\n\t\t\t\t<div class=\"elementor-element elementor-element-d5da3e6 elementor-widget elementor-widget-heading\" data-id=\"d5da3e6\" data-element_type=\"widget\" data-widget_type=\"heading.default\">\n\t\t\t\t<div class=\"elementor-widget-container\">\n\t\t\t<style>\/*! elementor - v3.16.0 - 20-09-2023 *\/\n.elementor-heading-title{padding:0;margin:0;line-height:1}.elementor-widget-heading .elementor-heading-title[class*=elementor-size-]>a{color:inherit;font-size:inherit;line-height:inherit}.elementor-widget-heading .elementor-heading-title.elementor-size-small{font-size:15px}.elementor-widget-heading .elementor-heading-title.elementor-size-medium{font-size:19px}.elementor-widget-heading .elementor-heading-title.elementor-size-large{font-size:29px}.elementor-widget-heading .elementor-heading-title.elementor-size-xl{font-size:39px}.elementor-widget-heading .elementor-heading-title.elementor-size-xxl{font-size:59px}<\/style><h2 class=\"elementor-heading-title elementor-size-default\">COMMUNIQU\u00c9 DE PRESSE<\/h2>\t\t<\/div>\n\t\t\t\t<\/div>\n\t\t\t\t<\/div>\n\t\t<div class=\"elementor-element elementor-element-5dfc497 e-flex e-con-boxed e-con e-parent\" data-id=\"5dfc497\" data-element_type=\"container\" data-settings=\"{&quot;content_width&quot;:&quot;boxed&quot;}\" data-core-v316-plus=\"true\">\n\t\t\t\t\t<div class=\"e-con-inner\">\n\t\t<div class=\"elementor-element elementor-element-ad0ae5e e-con-full e-flex e-con e-child\" data-id=\"ad0ae5e\" data-element_type=\"container\" data-settings=\"{&quot;content_width&quot;:&quot;full&quot;}\">\n\t\t\t\t<div class=\"elementor-element elementor-element-d81c2ee elementor-widget elementor-widget-image\" data-id=\"d81c2ee\" data-element_type=\"widget\" data-widget_type=\"image.default\">\n\t\t\t\t<div class=\"elementor-widget-container\">\n\t\t\t<style>\/*! elementor - v3.16.0 - 20-09-2023 *\/\n.elementor-widget-image{text-align:center}.elementor-widget-image a{display:inline-block}.elementor-widget-image a img[src$=\".svg\"]{width:48px}.elementor-widget-image img{vertical-align:middle;display:inline-block}<\/style>\t\t\t\t\t\t\t\t\t\t\t\t<img loading=\"lazy\" decoding=\"async\" width=\"1024\" height=\"539\" src=\"https:\/\/lesmanufacturiers.fr\/wp-content\/uploads\/2023\/10\/SAS-MANCIPATIO-image-04-sans-logo.png-1024x539.jpg\" class=\"attachment-large size-large wp-image-133\" alt=\"Vu des bureaux et locaux des Manufacturiers pr\u00e8s de B\u00e9ziers\" srcset=\"https:\/\/lesmanufacturiers.fr\/wp-content\/uploads\/2023\/10\/SAS-MANCIPATIO-image-04-sans-logo.png-1024x539.jpg 1024w, https:\/\/lesmanufacturiers.fr\/wp-content\/uploads\/2023\/10\/SAS-MANCIPATIO-image-04-sans-logo.png-300x158.jpg 300w, https:\/\/lesmanufacturiers.fr\/wp-content\/uploads\/2023\/10\/SAS-MANCIPATIO-image-04-sans-logo.png-768x404.jpg 768w, https:\/\/lesmanufacturiers.fr\/wp-content\/uploads\/2023\/10\/SAS-MANCIPATIO-image-04-sans-logo.png-1536x809.jpg 1536w, https:\/\/lesmanufacturiers.fr\/wp-content\/uploads\/2023\/10\/SAS-MANCIPATIO-image-04-sans-logo.png-2048x1078.jpg 2048w\" sizes=\"auto, (max-width: 1024px) 100vw, 1024px\" \/>\t\t\t\t\t\t\t\t\t\t\t\t\t\t\t<\/div>\n\t\t\t\t<\/div>\n\t\t\t\t<div class=\"elementor-element elementor-element-75daf0d elementor-widget elementor-widget-text-editor\" data-id=\"75daf0d\" data-element_type=\"widget\" data-widget_type=\"text-editor.default\">\n\t\t\t\t<div class=\"elementor-widget-container\">\n\t\t\t<style>\/*! elementor - v3.16.0 - 20-09-2023 *\/\n.elementor-widget-text-editor.elementor-drop-cap-view-stacked .elementor-drop-cap{background-color:#69727d;color:#fff}.elementor-widget-text-editor.elementor-drop-cap-view-framed .elementor-drop-cap{color:#69727d;border:3px solid;background-color:transparent}.elementor-widget-text-editor:not(.elementor-drop-cap-view-default) .elementor-drop-cap{margin-top:8px}.elementor-widget-text-editor:not(.elementor-drop-cap-view-default) .elementor-drop-cap-letter{width:1em;height:1em}.elementor-widget-text-editor .elementor-drop-cap{float:left;text-align:center;line-height:1;font-size:50px}.elementor-widget-text-editor .elementor-drop-cap-letter{display:inline-block}<\/style>\t\t\t\t<p><strong><span class=\"TextRun SCXW66238712 BCX4\" lang=\"FR\" xml:lang=\"FR\" data-contrast=\"auto\"><span class=\"NormalTextRun SCXW66238712 BCX4\">Les Manufacturiers : <span class=\"TextRun SCXW112113248 BCX4\" lang=\"FR-FR\" xml:lang=\"FR-FR\" data-contrast=\"auto\"><span class=\"NormalTextRun SCXW112113248 BCX4\">Un projet immobilier en faveur de l&#8217;\u00e9conomie locale<\/span><\/span><span class=\"EOP SCXW112113248 BCX4\" data-ccp-props=\"{&quot;201341983&quot;:0,&quot;335559739&quot;:160,&quot;335559740&quot;:259}\">\u00a0<\/span><\/span><\/span><span class=\"EOP SCXW66238712 BCX4\" data-ccp-props=\"{&quot;201341983&quot;:0,&quot;335551550&quot;:2,&quot;335551620&quot;:2,&quot;335559740&quot;:276}\">\u00a0<\/span><\/strong><\/p>\t\t\t\t\t\t<\/div>\n\t\t\t\t<\/div>\n\t\t\t\t<div class=\"elementor-element elementor-element-7e58219 elementor-align-center elementor-widget elementor-widget-button\" data-id=\"7e58219\" data-element_type=\"widget\" data-widget_type=\"button.default\">\n\t\t\t\t<div class=\"elementor-widget-container\">\n\t\t\t\t\t<div class=\"elementor-button-wrapper\">\n\t\t\t<a class=\"elementor-button elementor-button-link elementor-size-sm\" href=\"https:\/\/lesmanufacturiers.fr\/index.php\/2024\/01\/19\/les-manufacturiers-souhaitent-faire-vivre-leconomie-locale-avec-leur-nouveau-projet-immobilier-dedie-aux-professionnels-a-villeneuve-les-beziers\/\">\n\t\t\t\t\t\t<span class=\"elementor-button-content-wrapper\">\n\t\t\t\t\t\t<span class=\"elementor-button-text\">Acc\u00e9der au communiqu\u00e9<\/span>\n\t\t<\/span>\n\t\t\t\t\t<\/a>\n\t\t<\/div>\n\t\t\t\t<\/div>\n\t\t\t\t<\/div>\n\t\t\t\t<\/div>\n\t\t\t\t\t<\/div>\n\t\t\t\t<\/div>\n\t\t<div class=\"elementor-element elementor-element-f69d48d e-con-full e-flex e-con e-parent\" data-id=\"f69d48d\" data-element_type=\"container\" data-settings=\"{&quot;content_width&quot;:&quot;full&quot;,&quot;background_background&quot;:&quot;classic&quot;}\" data-core-v316-plus=\"true\">\n\t\t\t\t<div class=\"elementor-element elementor-element-68c8aaf elementor-widget elementor-widget-heading\" data-id=\"68c8aaf\" data-element_type=\"widget\" data-widget_type=\"heading.default\">\n\t\t\t\t<div class=\"elementor-widget-container\">\n\t\t\t<h2 class=\"elementor-heading-title elementor-size-default\">ILS PARLENT DE NOUS<\/h2>\t\t<\/div>\n\t\t\t\t<\/div>\n\t\t\t\t<\/div>\n\t\t<div class=\"elementor-element elementor-element-fd00862 e-flex e-con-boxed e-con e-parent\" data-id=\"fd00862\" data-element_type=\"container\" data-settings=\"{&quot;content_width&quot;:&quot;boxed&quot;}\" data-core-v316-plus=\"true\">\n\t\t\t\t\t<div class=\"e-con-inner\">\n\t\t<div class=\"elementor-element elementor-element-a79c9ac e-con-full e-flex e-con e-child\" data-id=\"a79c9ac\" data-element_type=\"container\" data-settings=\"{&quot;content_width&quot;:&quot;full&quot;}\">\n\t\t\t\t<div class=\"elementor-element elementor-element-f033856 elementor-widget elementor-widget-image\" data-id=\"f033856\" data-element_type=\"widget\" data-widget_type=\"image.default\">\n\t\t\t\t<div class=\"elementor-widget-container\">\n\t\t\t\t\t\t\t\t\t\t\t\t\t\t\t<img loading=\"lazy\" decoding=\"async\" width=\"1536\" height=\"1152\" src=\"https:\/\/lesmanufacturiers.fr\/wp-content\/uploads\/2024\/05\/METROPOLITAIN-1536x1152.png\" class=\"attachment-1536x1536 size-1536x1536 wp-image-814\" alt=\"\" srcset=\"https:\/\/lesmanufacturiers.fr\/wp-content\/uploads\/2024\/05\/METROPOLITAIN-1536x1152.png 1536w, https:\/\/lesmanufacturiers.fr\/wp-content\/uploads\/2024\/05\/METROPOLITAIN-300x225.png 300w, https:\/\/lesmanufacturiers.fr\/wp-content\/uploads\/2024\/05\/METROPOLITAIN-1024x768.png 1024w, https:\/\/lesmanufacturiers.fr\/wp-content\/uploads\/2024\/05\/METROPOLITAIN-768x576.png 768w, https:\/\/lesmanufacturiers.fr\/wp-content\/uploads\/2024\/05\/METROPOLITAIN.png 2000w\" sizes=\"auto, (max-width: 1536px) 100vw, 1536px\" \/>\t\t\t\t\t\t\t\t\t\t\t\t\t\t\t<\/div>\n\t\t\t\t<\/div>\n\t\t\t\t<div class=\"elementor-element elementor-element-ba874e2 elementor-widget elementor-widget-heading\" data-id=\"ba874e2\" data-element_type=\"widget\" data-widget_type=\"heading.default\">\n\t\t\t\t<div class=\"elementor-widget-container\">\n\t\t\t<h2 class=\"elementor-heading-title elementor-size-default\">Le projet immobilier Les Manufacturiers <br>pr\u00e9voit cent emplois&nbsp;<\/h2>\t\t<\/div>\n\t\t\t\t<\/div>\n\t\t\t\t<div class=\"elementor-element elementor-element-39920f5 elementor-widget elementor-widget-button\" data-id=\"39920f5\" data-element_type=\"widget\" data-widget_type=\"button.default\">\n\t\t\t\t<div class=\"elementor-widget-container\">\n\t\t\t\t\t<div class=\"elementor-button-wrapper\">\n\t\t\t<a class=\"elementor-button elementor-button-link elementor-size-sm\" href=\"https:\/\/lesmanufacturiers.fr\/index.php\/2024\/05\/13\/villeneuve-les-beziers-le-projet-immobilier-les-manufacturiers-prevoit-cent-emplois\/\">\n\t\t\t\t\t\t<span class=\"elementor-button-content-wrapper\">\n\t\t\t\t\t\t<span class=\"elementor-button-text\">Lire l'article<\/span>\n\t\t<\/span>\n\t\t\t\t\t<\/a>\n\t\t<\/div>\n\t\t\t\t<\/div>\n\t\t\t\t<\/div>\n\t\t\t\t<\/div>\n\t\t<div class=\"elementor-element elementor-element-5434925 e-con-full e-flex e-con e-child\" data-id=\"5434925\" data-element_type=\"container\" data-settings=\"{&quot;content_width&quot;:&quot;full&quot;}\">\n\t\t\t\t<div class=\"elementor-element elementor-element-5f3d9bc elementor-widget elementor-widget-image\" data-id=\"5f3d9bc\" data-element_type=\"widget\" data-widget_type=\"image.default\">\n\t\t\t\t<div class=\"elementor-widget-container\">\n\t\t\t\t\t\t\t\t\t\t\t\t\t\t\t<img loading=\"lazy\" decoding=\"async\" width=\"1536\" height=\"1152\" src=\"https:\/\/lesmanufacturiers.fr\/wp-content\/uploads\/2024\/05\/MIDI-LIBRE-1536x1152.png\" class=\"attachment-1536x1536 size-1536x1536 wp-image-815\" alt=\"\" srcset=\"https:\/\/lesmanufacturiers.fr\/wp-content\/uploads\/2024\/05\/MIDI-LIBRE-1536x1152.png 1536w, https:\/\/lesmanufacturiers.fr\/wp-content\/uploads\/2024\/05\/MIDI-LIBRE-300x225.png 300w, https:\/\/lesmanufacturiers.fr\/wp-content\/uploads\/2024\/05\/MIDI-LIBRE-1024x768.png 1024w, https:\/\/lesmanufacturiers.fr\/wp-content\/uploads\/2024\/05\/MIDI-LIBRE-768x576.png 768w, https:\/\/lesmanufacturiers.fr\/wp-content\/uploads\/2024\/05\/MIDI-LIBRE.png 2000w\" sizes=\"auto, (max-width: 1536px) 100vw, 1536px\" \/>\t\t\t\t\t\t\t\t\t\t\t\t\t\t\t<\/div>\n\t\t\t\t<\/div>\n\t\t\t\t<div class=\"elementor-element elementor-element-01d73ac elementor-widget elementor-widget-heading\" data-id=\"01d73ac\" data-element_type=\"widget\" data-widget_type=\"heading.default\">\n\t\t\t\t<div class=\"elementor-widget-container\">\n\t\t\t<h2 class=\"elementor-heading-title elementor-size-default\">Des locaux pour les entreprises\n            \n\n<\/h2>\t\t<\/div>\n\t\t\t\t<\/div>\n\t\t\t\t<div class=\"elementor-element elementor-element-8ffe5d1 elementor-widget elementor-widget-button\" data-id=\"8ffe5d1\" data-element_type=\"widget\" data-widget_type=\"button.default\">\n\t\t\t\t<div class=\"elementor-widget-container\">\n\t\t\t\t\t<div class=\"elementor-button-wrapper\">\n\t\t\t<a class=\"elementor-button elementor-button-link elementor-size-sm\" href=\"https:\/\/lesmanufacturiers.fr\/index.php\/2024\/05\/13\/villeneuve-les-beziers-des-locaux-pour-les-entreprises\/\">\n\t\t\t\t\t\t<span class=\"elementor-button-content-wrapper\">\n\t\t\t\t\t\t<span class=\"elementor-button-text\">Lire l'article<\/span>\n\t\t<\/span>\n\t\t\t\t\t<\/a>\n\t\t<\/div>\n\t\t\t\t<\/div>\n\t\t\t\t<\/div>\n\t\t\t\t<\/div>\n\t\t\t\t\t<\/div>\n\t\t\t\t<\/div>\n\t\t<div class=\"elementor-element elementor-element-460e68c e-flex e-con-boxed e-con e-parent\" data-id=\"460e68c\" data-element_type=\"container\" data-settings=\"{&quot;content_width&quot;:&quot;boxed&quot;}\" data-core-v316-plus=\"true\">\n\t\t\t\t\t<div class=\"e-con-inner\">\n\t\t<div class=\"elementor-element elementor-element-beb3989 e-con-full e-flex e-con e-child\" data-id=\"beb3989\" data-element_type=\"container\" data-settings=\"{&quot;content_width&quot;:&quot;full&quot;}\">\n\t\t\t\t<div class=\"elementor-element elementor-element-e7605cd elementor-widget elementor-widget-image\" data-id=\"e7605cd\" data-element_type=\"widget\" data-widget_type=\"image.default\">\n\t\t\t\t<div class=\"elementor-widget-container\">\n\t\t\t\t\t\t\t\t\t\t\t\t\t\t\t<img loading=\"lazy\" decoding=\"async\" width=\"1536\" height=\"1152\" src=\"https:\/\/lesmanufacturiers.fr\/wp-content\/uploads\/2024\/05\/Aqui-es-Vilanova--1536x1152.png\" class=\"attachment-1536x1536 size-1536x1536 wp-image-816\" alt=\"\" srcset=\"https:\/\/lesmanufacturiers.fr\/wp-content\/uploads\/2024\/05\/Aqui-es-Vilanova--1536x1152.png 1536w, https:\/\/lesmanufacturiers.fr\/wp-content\/uploads\/2024\/05\/Aqui-es-Vilanova--300x225.png 300w, https:\/\/lesmanufacturiers.fr\/wp-content\/uploads\/2024\/05\/Aqui-es-Vilanova--1024x768.png 1024w, https:\/\/lesmanufacturiers.fr\/wp-content\/uploads\/2024\/05\/Aqui-es-Vilanova--768x576.png 768w, https:\/\/lesmanufacturiers.fr\/wp-content\/uploads\/2024\/05\/Aqui-es-Vilanova-.png 2000w\" sizes=\"auto, (max-width: 1536px) 100vw, 1536px\" \/>\t\t\t\t\t\t\t\t\t\t\t\t\t\t\t<\/div>\n\t\t\t\t<\/div>\n\t\t\t\t<div class=\"elementor-element elementor-element-b56f88a elementor-widget elementor-widget-heading\" data-id=\"b56f88a\" data-element_type=\"widget\" data-widget_type=\"heading.default\">\n\t\t\t\t<div class=\"elementor-widget-container\">\n\t\t\t<h2 class=\"elementor-heading-title elementor-size-default\"><a href=\"https:\/\/lesmanufacturiers.fr\/index.php\/2024\/05\/13\/les-manufacturiers-un-nouveau-projet-immobilier\/\">Les Manufacturiers : Un nouveau projet immobilier<br><br><\/a><\/h2>\t\t<\/div>\n\t\t\t\t<\/div>\n\t\t\t\t<div class=\"elementor-element elementor-element-ba8d735 elementor-widget elementor-widget-button\" data-id=\"ba8d735\" data-element_type=\"widget\" data-widget_type=\"button.default\">\n\t\t\t\t<div class=\"elementor-widget-container\">\n\t\t\t\t\t<div class=\"elementor-button-wrapper\">\n\t\t\t<a class=\"elementor-button elementor-button-link elementor-size-sm\" href=\"https:\/\/lesmanufacturiers.fr\/index.php\/2024\/05\/13\/villeneuve-les-beziers-le-projet-immobilier-les-manufacturiers-prevoit-cent-emplois\/\">\n\t\t\t\t\t\t<span class=\"elementor-button-content-wrapper\">\n\t\t\t\t\t\t<span class=\"elementor-button-text\">Lire l'article<\/span>\n\t\t<\/span>\n\t\t\t\t\t<\/a>\n\t\t<\/div>\n\t\t\t\t<\/div>\n\t\t\t\t<\/div>\n\t\t\t\t<\/div>\n\t\t\t\t\t<\/div>\n\t\t\t\t<\/div>\n\t\t\t\t\t\t\t<\/div>\n\t\t","protected":false},"excerpt":{"rendered":"<p>COMMUNIQU\u00c9 DE PRESSE Les Manufacturiers : Un projet immobilier en faveur de l&#8217;\u00e9conomie locale\u00a0\u00a0 Acc\u00e9der au communiqu\u00e9 ILS PARLENT DE NOUS Le projet immobilier Les Manufacturiers pr\u00e9voit cent emplois&nbsp; Lire l&#8217;article Des locaux pour les entreprises Lire l&#8217;article Les Manufacturiers : Un nouveau projet immobilier Lire l&#8217;article<\/p>\n","protected":false},"author":1,"featured_media":0,"parent":0,"menu_order":0,"comment_status":"closed","ping_status":"closed","template":"","meta":{"footnotes":""},"class_list":["post-758","page","type-page","status-publish","hentry"],"blocksy_meta":"","yoast_head":"<!-- This site is optimized with the Yoast SEO plugin v21.3 - https:\/\/yoast.com\/wordpress\/plugins\/seo\/ -->\n<title>Acc\u00e8s presse - Les manufacturiers<\/title>\n<meta name=\"robots\" content=\"index, follow, max-snippet:-1, max-image-preview:large, max-video-preview:-1\" \/>\n<link rel=\"canonical\" href=\"https:\/\/lesmanufacturiers.fr\/index.php\/acces-presse\/\" \/>\n<meta property=\"og:locale\" content=\"en_US\" \/>\n<meta property=\"og:type\" content=\"article\" \/>\n<meta property=\"og:title\" content=\"Acc\u00e8s presse - Les manufacturiers\" \/>\n<meta property=\"og:description\" content=\"COMMUNIQU\u00c9 DE PRESSE Les Manufacturiers : Un projet immobilier en faveur de l&#8217;\u00e9conomie locale\u00a0\u00a0 Acc\u00e9der au communiqu\u00e9 ILS PARLENT DE NOUS Le projet immobilier Les Manufacturiers pr\u00e9voit cent emplois&nbsp; Lire l&#8217;article Des locaux pour les entreprises Lire l&#8217;article Les Manufacturiers : Un nouveau projet immobilier Lire l&#8217;article\" \/>\n<meta property=\"og:url\" content=\"https:\/\/lesmanufacturiers.fr\/index.php\/acces-presse\/\" \/>\n<meta property=\"og:site_name\" content=\"Les manufacturiers\" \/>\n<meta property=\"article:publisher\" content=\"https:\/\/www.facebook.com\/profile.php?id=61551785083090\" \/>\n<meta property=\"article:modified_time\" content=\"2024-05-13T12:05:01+00:00\" \/>\n<meta property=\"og:image\" content=\"https:\/\/lesmanufacturiers.fr\/wp-content\/uploads\/2023\/10\/SAS-MANCIPATIO-image-04-sans-logo.png-1024x539.jpg\" \/>\n<meta name=\"twitter:card\" content=\"summary_large_image\" \/>\n<meta name=\"twitter:label1\" content=\"Est. reading time\" \/>\n\t<meta name=\"twitter:data1\" content=\"2 minutes\" \/>\n<script type=\"application\/ld+json\" class=\"yoast-schema-graph\">{\"@context\":\"https:\/\/schema.org\",\"@graph\":[{\"@type\":\"WebPage\",\"@id\":\"https:\/\/lesmanufacturiers.fr\/index.php\/acces-presse\/\",\"url\":\"https:\/\/lesmanufacturiers.fr\/index.php\/acces-presse\/\",\"name\":\"Acc\u00e8s presse - Les manufacturiers\",\"isPartOf\":{\"@id\":\"https:\/\/lesmanufacturiers.fr\/#website\"},\"datePublished\":\"2024-01-19T13:52:24+00:00\",\"dateModified\":\"2024-05-13T12:05:01+00:00\",\"breadcrumb\":{\"@id\":\"https:\/\/lesmanufacturiers.fr\/index.php\/acces-presse\/#breadcrumb\"},\"inLanguage\":\"en-US\",\"potentialAction\":[{\"@type\":\"ReadAction\",\"target\":[\"https:\/\/lesmanufacturiers.fr\/index.php\/acces-presse\/\"]}]},{\"@type\":\"BreadcrumbList\",\"@id\":\"https:\/\/lesmanufacturiers.fr\/index.php\/acces-presse\/#breadcrumb\",\"itemListElement\":[{\"@type\":\"ListItem\",\"position\":1,\"name\":\"Accueil\",\"item\":\"https:\/\/lesmanufacturiers.fr\/\"},{\"@type\":\"ListItem\",\"position\":2,\"name\":\"Acc\u00e8s presse\"}]},{\"@type\":\"WebSite\",\"@id\":\"https:\/\/lesmanufacturiers.fr\/#website\",\"url\":\"https:\/\/lesmanufacturiers.fr\/\",\"name\":\"Les manufacturiers\",\"description\":\"Villeneuve-les-B\u00e9ziers\",\"publisher\":{\"@id\":\"https:\/\/lesmanufacturiers.fr\/#organization\"},\"potentialAction\":[{\"@type\":\"SearchAction\",\"target\":{\"@type\":\"EntryPoint\",\"urlTemplate\":\"https:\/\/lesmanufacturiers.fr\/?s={search_term_string}\"},\"query-input\":\"required name=search_term_string\"}],\"inLanguage\":\"en-US\"},{\"@type\":\"Organization\",\"@id\":\"https:\/\/lesmanufacturiers.fr\/#organization\",\"name\":\"Les Manufacturiers\",\"alternateName\":\"LM\",\"url\":\"https:\/\/lesmanufacturiers.fr\/\",\"logo\":{\"@type\":\"ImageObject\",\"inLanguage\":\"en-US\",\"@id\":\"https:\/\/lesmanufacturiers.fr\/#\/schema\/logo\/image\/\",\"url\":\"https:\/\/lesmanufacturiers.fr\/wp-content\/uploads\/2023\/09\/les-manufacturiers_logo-final_blanccouleurs_fond-noir_rvb-Copie-scaled.jpg\",\"contentUrl\":\"https:\/\/lesmanufacturiers.fr\/wp-content\/uploads\/2023\/09\/les-manufacturiers_logo-final_blanccouleurs_fond-noir_rvb-Copie-scaled.jpg\",\"width\":2560,\"height\":1813,\"caption\":\"Les Manufacturiers\"},\"image\":{\"@id\":\"https:\/\/lesmanufacturiers.fr\/#\/schema\/logo\/image\/\"},\"sameAs\":[\"https:\/\/www.facebook.com\/profile.php?id=61551785083090\",\"https:\/\/www.instagram.com\/lesmanufacturiers_\/\"]}]}<\/script>\n<!-- \/ Yoast SEO plugin. -->","yoast_head_json":{"title":"Acc\u00e8s presse - Les manufacturiers","robots":{"index":"index","follow":"follow","max-snippet":"max-snippet:-1","max-image-preview":"max-image-preview:large","max-video-preview":"max-video-preview:-1"},"canonical":"https:\/\/lesmanufacturiers.fr\/index.php\/acces-presse\/","og_locale":"en_US","og_type":"article","og_title":"Acc\u00e8s presse - Les manufacturiers","og_description":"COMMUNIQU\u00c9 DE PRESSE Les Manufacturiers : Un projet immobilier en faveur de l&#8217;\u00e9conomie locale\u00a0\u00a0 Acc\u00e9der au communiqu\u00e9 ILS PARLENT DE NOUS Le projet immobilier Les Manufacturiers pr\u00e9voit cent emplois&nbsp; Lire l&#8217;article Des locaux pour les entreprises Lire l&#8217;article Les Manufacturiers : Un nouveau projet immobilier Lire l&#8217;article","og_url":"https:\/\/lesmanufacturiers.fr\/index.php\/acces-presse\/","og_site_name":"Les manufacturiers","article_publisher":"https:\/\/www.facebook.com\/profile.php?id=61551785083090","article_modified_time":"2024-05-13T12:05:01+00:00","og_image":[{"url":"https:\/\/lesmanufacturiers.fr\/wp-content\/uploads\/2023\/10\/SAS-MANCIPATIO-image-04-sans-logo.png-1024x539.jpg"}],"twitter_card":"summary_large_image","twitter_misc":{"Est. reading time":"2 minutes"},"schema":{"@context":"https:\/\/schema.org","@graph":[{"@type":"WebPage","@id":"https:\/\/lesmanufacturiers.fr\/index.php\/acces-presse\/","url":"https:\/\/lesmanufacturiers.fr\/index.php\/acces-presse\/","name":"Acc\u00e8s presse - Les manufacturiers","isPartOf":{"@id":"https:\/\/lesmanufacturiers.fr\/#website"},"datePublished":"2024-01-19T13:52:24+00:00","dateModified":"2024-05-13T12:05:01+00:00","breadcrumb":{"@id":"https:\/\/lesmanufacturiers.fr\/index.php\/acces-presse\/#breadcrumb"},"inLanguage":"en-US","potentialAction":[{"@type":"ReadAction","target":["https:\/\/lesmanufacturiers.fr\/index.php\/acces-presse\/"]}]},{"@type":"BreadcrumbList","@id":"https:\/\/lesmanufacturiers.fr\/index.php\/acces-presse\/#breadcrumb","itemListElement":[{"@type":"ListItem","position":1,"name":"Accueil","item":"https:\/\/lesmanufacturiers.fr\/"},{"@type":"ListItem","position":2,"name":"Acc\u00e8s presse"}]},{"@type":"WebSite","@id":"https:\/\/lesmanufacturiers.fr\/#website","url":"https:\/\/lesmanufacturiers.fr\/","name":"Les manufacturiers","description":"Villeneuve-les-B\u00e9ziers","publisher":{"@id":"https:\/\/lesmanufacturiers.fr\/#organization"},"potentialAction":[{"@type":"SearchAction","target":{"@type":"EntryPoint","urlTemplate":"https:\/\/lesmanufacturiers.fr\/?s={search_term_string}"},"query-input":"required name=search_term_string"}],"inLanguage":"en-US"},{"@type":"Organization","@id":"https:\/\/lesmanufacturiers.fr\/#organization","name":"Les Manufacturiers","alternateName":"LM","url":"https:\/\/lesmanufacturiers.fr\/","logo":{"@type":"ImageObject","inLanguage":"en-US","@id":"https:\/\/lesmanufacturiers.fr\/#\/schema\/logo\/image\/","url":"https:\/\/lesmanufacturiers.fr\/wp-content\/uploads\/2023\/09\/les-manufacturiers_logo-final_blanccouleurs_fond-noir_rvb-Copie-scaled.jpg","contentUrl":"https:\/\/lesmanufacturiers.fr\/wp-content\/uploads\/2023\/09\/les-manufacturiers_logo-final_blanccouleurs_fond-noir_rvb-Copie-scaled.jpg","width":2560,"height":1813,"caption":"Les Manufacturiers"},"image":{"@id":"https:\/\/lesmanufacturiers.fr\/#\/schema\/logo\/image\/"},"sameAs":["https:\/\/www.facebook.com\/profile.php?id=61551785083090","https:\/\/www.instagram.com\/lesmanufacturiers_\/"]}]}},"_links":{"self":[{"href":"https:\/\/lesmanufacturiers.fr\/index.php\/wp-json\/wp\/v2\/pages\/758","targetHints":{"allow":["GET"]}}],"collection":[{"href":"https:\/\/lesmanufacturiers.fr\/index.php\/wp-json\/wp\/v2\/pages"}],"about":[{"href":"https:\/\/lesmanufacturiers.fr\/index.php\/wp-json\/wp\/v2\/types\/page"}],"author":[{"embeddable":true,"href":"https:\/\/lesmanufacturiers.fr\/index.php\/wp-json\/wp\/v2\/users\/1"}],"replies":[{"embeddable":true,"href":"https:\/\/lesmanufacturiers.fr\/index.php\/wp-json\/wp\/v2\/comments?post=758"}],"version-history":[{"count":34,"href":"https:\/\/lesmanufacturiers.fr\/index.php\/wp-json\/wp\/v2\/pages\/758\/revisions"}],"predecessor-version":[{"id":840,"href":"https:\/\/lesmanufacturiers.fr\/index.php\/wp-json\/wp\/v2\/pages\/758\/revisions\/840"}],"wp:attachment":[{"href":"https:\/\/lesmanufacturiers.fr\/index.php\/wp-json\/wp\/v2\/media?parent=758"}],"curies":[{"name":"wp","href":"https:\/\/api.w.org\/{rel}","templated":true}]}}